{"id":250,"date":"2024-05-12T08:44:37","date_gmt":"2024-05-12T08:44:37","guid":{"rendered":"https:\/\/ajoabidda.it\/?page_id=250"},"modified":"2024-06-28T11:12:43","modified_gmt":"2024-06-28T11:12:43","slug":"250-2","status":"publish","type":"page","link":"https:\/\/ajoabidda.it\/?page_id=250","title":{"rendered":"Settimo San Pietro"},"content":{"rendered":"<p>[et_pb_section fb_built=&#8221;1&#8243; admin_label=&#8221;Header&#8221; _builder_version=&#8221;4.25.1&#8243; _module_preset=&#8221;default&#8221; use_background_color_gradient=&#8221;on&#8221; background_color_gradient_stops=&#8221;rgba(0,0,0,0.8) 30%|rgba(0,0,0,0.1) 100%&#8221; background_color_gradient_overlays_image=&#8221;on&#8221; background_image=&#8221;https:\/\/ajoabidda.it\/wp-content\/uploads\/2024\/05\/la-parrocchia-di-San-Pietro-1.jpg&#8221; background_blend=&#8221;color-dodge&#8221; custom_margin=&#8221;||||false|false&#8221; custom_padding=&#8221;5vw||40px||false|false&#8221; collapsed=&#8221;on&#8221; global_colors_info=&#8221;{}&#8221;][et_pb_row _builder_version=&#8221;4.20.0&#8243; _module_preset=&#8221;default&#8221; global_colors_info=&#8221;{}&#8221;][et_pb_column type=&#8221;4_4&#8243; _builder_version=&#8221;4.20.0&#8243; _module_preset=&#8221;default&#8221; global_colors_info=&#8221;{}&#8221;][et_pb_text _builder_version=&#8221;4.20.0&#8243; _module_preset=&#8221;6e1bfe2d-d649-489c-8859-0e2232fd7969&#8243; header_text_color=&#8221;#FFFFFF&#8221; custom_margin=&#8221;||10px||false|false&#8221; locked=&#8221;off&#8221; global_colors_info=&#8221;{}&#8221;]<\/p>\n<h1>settimo san pietro<\/h1>\n<p>[\/et_pb_text][et_pb_text _builder_version=&#8221;4.25.1&#8243; _module_preset=&#8221;bb535064-7e96-4728-90df-6e6b30c59333&#8243; text_font=&#8221;Roboto|500|on||||||&#8221; text_text_color=&#8221;#000000&#8243; custom_padding=&#8221;||0px|||&#8221; locked=&#8221;off&#8221; global_colors_info=&#8221;{}&#8221;]<\/p>\n<p><strong>A due passi da Cagliari&#8230; una cittadina da scoprire<\/strong><\/p>\n<p>[\/et_pb_text][\/et_pb_column][\/et_pb_row][et_pb_row column_structure=&#8221;1_3,2_3&#8243; use_custom_gutter=&#8221;on&#8221; gutter_width=&#8221;1&#8243; make_equal=&#8221;on&#8221; custom_padding_last_edited=&#8221;on|tablet&#8221; _builder_version=&#8221;4.25.1&#8243; _module_preset=&#8221;default&#8221; background_color=&#8221;RGBA(255,255,255,0)&#8221; width=&#8221;76.6%&#8221; custom_margin=&#8221;10vw|auto||auto|false|false&#8221; custom_padding=&#8221;||0px|428px|false|false&#8221; custom_padding_tablet=&#8221;|||0px|false|false&#8221; custom_padding_phone=&#8221;|||0px|false|false&#8221; locked=&#8221;off&#8221; global_colors_info=&#8221;{}&#8221;][et_pb_column type=&#8221;1_3&#8243; _builder_version=&#8221;4.20.0&#8243; _module_preset=&#8221;default&#8221; background_color=&#8221;gcid-a4444f1a-cb4a-4bc8-8aa5-cc8185b0f72f&#8221; custom_padding=&#8221;20px||20px|20px|true|false&#8221; custom_padding_tablet=&#8221;20px|20px|20px|20px|true|true&#8221; custom_padding_phone=&#8221;20px|20px|20px|20px|true|true&#8221; custom_padding_last_edited=&#8221;on|tablet&#8221; border_radii=&#8221;off|5px|||5px&#8221; border_radii_tablet=&#8221;off|5px|5px||0px&#8221; border_radii_phone=&#8221;off|0px|||0px&#8221; border_radii_last_edited=&#8221;on|tablet&#8221; global_colors_info=&#8221;{%22gcid-a4444f1a-cb4a-4bc8-8aa5-cc8185b0f72f%22:%91%22background_color%22%93}&#8221;][et_pb_video src=&#8221;https:\/\/youtu.be\/fmB4NO6ABsw&#8221; _builder_version=&#8221;4.25.1&#8243; _module_preset=&#8221;default&#8221; global_colors_info=&#8221;{}&#8221;][\/et_pb_video][\/et_pb_column][et_pb_column type=&#8221;2_3&#8243; _builder_version=&#8221;4.20.0&#8243; _module_preset=&#8221;default&#8221; background_color=&#8221;gcid-a4444f1a-cb4a-4bc8-8aa5-cc8185b0f72f&#8221; custom_padding=&#8221;20px|20px|20px|20px|true|true&#8221; border_radii=&#8221;off||5px|5px|&#8221; border_radii_tablet=&#8221;off||0px|5px|5px&#8221; border_radii_phone=&#8221;off||0px|0px|&#8221; border_radii_last_edited=&#8221;on|tablet&#8221; global_colors_info=&#8221;{%22gcid-a4444f1a-cb4a-4bc8-8aa5-cc8185b0f72f%22:%91%22background_color%22%93}&#8221;][et_pb_text _builder_version=&#8221;4.25.1&#8243; _module_preset=&#8221;4c2d2633-5e8c-4b0f-b011-f157d1985922&#8243; background_color=&#8221;#0cf7ef&#8221; global_colors_info=&#8221;{}&#8221;]<\/p>\n<h4><strong>Un video di un minuto per riasumere le bellezze di Settimo.<\/strong><\/h4>\n<p>[\/et_pb_text][\/et_pb_column][\/et_pb_row][\/et_pb_section][et_pb_section fb_built=&#8221;1&#8243; admin_label=&#8221;Quote&#8221; _builder_version=&#8221;4.25.1&#8243; _module_preset=&#8221;default&#8221; background_color=&#8221;#a4e500&#8243; collapsed=&#8221;on&#8221; global_colors_info=&#8221;{}&#8221;][et_pb_row _builder_version=&#8221;4.20.0&#8243; _module_preset=&#8221;default&#8221; max_width=&#8221;800px&#8221; global_colors_info=&#8221;{}&#8221;][et_pb_column type=&#8221;4_4&#8243; _builder_version=&#8221;4.20.0&#8243; _module_preset=&#8221;default&#8221; global_colors_info=&#8221;{}&#8221;][et_pb_text _builder_version=&#8221;4.25.1&#8243; _module_preset=&#8221;c9c3a353-a770-4fd8-9155-0ba3b1049219&#8243; text_orientation=&#8221;center&#8221; global_colors_info=&#8221;{}&#8221;]<\/p>\n<h4>Presentazione del Sindaco<\/h4>\n<p>[\/et_pb_text][et_pb_text _builder_version=&#8221;4.25.1&#8243; _module_preset=&#8221;b0ed794c-4ef6-4a83-b9cb-dd039243ffdf&#8221; text_orientation=&#8221;center&#8221; custom_padding=&#8221;||0px|||&#8221; global_colors_info=&#8221;{}&#8221;]<\/p>\n<p><strong><em>Settimo San Pietro \u00e8 una cittadina con quasi 6.800 abitanti situata alle porte di Cagliari, appartenente amministrativamente alla citt\u00e0 metropolitana di Cagliari e all&#8217;Unione dei Comuni del Parteolla e del Basso Campidano. Le prime tracce storiche di Settimo risalgono al periodo neolitico, con il monumento de s\u2019acqua \u2018e is dolus, una domu de janas situata nelle vicinanze dell&#8217;abitato. Ulteriori testimonianze storiche si ritrovano nell&#8217;et\u00e0 del bronzo e nell&#8217;epoca nuragica, con il complesso nuragico di Cucuru Nuraxi e un suggestivo pozzo sacro. Tracce romane sono presenti nella chiesa campestre di San Giovanni, con un antico mosaico probabilmente riconducibile a una villa romana. L&#8217;economia di Settimo \u00e8 storicamente agricola, con produzioni di vite e grano di eccellenza enogastronomica e fonte di opportunit\u00e0 lavorative. Negli ultimi decenni, l&#8217;economia si \u00e8 diversificata con la creazione di zone artigianali. Settimo \u00e8 una comunit\u00e0 ricca di tradizioni e folklore, con numerosi gruppi folk che ne promuovono le peculiarit\u00e0. \u00c8 sede del Plus 21, capofila nei servizi sociali nella zona di Cagliari, e vanta una forte tradizione sportiva con impianti e strutture adatte ad eventi di rilievo. Invitiamo i visitatori a scoprire i monumenti e le radici di Settimo, assaporando i prodotti tipici della tradizione enogastronomica locale, come il pane, i dolci e la malvasia settimese.<\/em><\/strong><\/p>\n<p>[\/et_pb_text][et_pb_image src=&#8221;https:\/\/ajoabidda.it\/wp-content\/uploads\/2024\/05\/gianluigi_puddu_sindaco_Settimo_1_d0.jpg&#8221; title_text=&#8221;gianluigi_puddu_sindaco_Settimo_1_d0&#8243; align=&#8221;center&#8221; _builder_version=&#8221;4.25.1&#8243; _module_preset=&#8221;default&#8221; max_height=&#8221;218px&#8221; custom_margin=&#8221;||10px||false|false&#8221; border_radii=&#8221;on|500px|500px|500px|500px&#8221; global_colors_info=&#8221;{}&#8221;][\/et_pb_image][et_pb_text _builder_version=&#8221;4.25.1&#8243; _module_preset=&#8221;4c2d2633-5e8c-4b0f-b011-f157d1985922&#8243; text_orientation=&#8221;center&#8221; global_colors_info=&#8221;{}&#8221;]<\/p>\n<p>Gian Luigi Puddu<\/p>\n<p>[\/et_pb_text][\/et_pb_column][\/et_pb_row][et_pb_row _builder_version=&#8221;4.25.1&#8243; _module_preset=&#8221;default&#8221; background_color=&#8221;#099fef&#8221; min_height=&#8221;63px&#8221; global_colors_info=&#8221;{}&#8221;][et_pb_column type=&#8221;4_4&#8243; _builder_version=&#8221;4.25.1&#8243; _module_preset=&#8221;default&#8221; global_colors_info=&#8221;{}&#8221;][et_pb_text _builder_version=&#8221;4.25.1&#8243; _module_preset=&#8221;default&#8221; custom_padding=&#8221;||2px|||&#8221; global_colors_info=&#8221;{}&#8221;]<\/p>\n<h3><strong>Ora seguono diversi video che Aj\u00f2 a bidda ha realizzato a Settimo San Pietro, buona visione.<\/strong><\/h3>\n<p>[\/et_pb_text][\/et_pb_column][\/et_pb_row][\/et_pb_section][et_pb_section fb_built=&#8221;1&#8243; _builder_version=&#8221;4.25.1&#8243; _module_preset=&#8221;default&#8221; background_color=&#8221;#099fef&#8221; global_colors_info=&#8221;{}&#8221;][et_pb_row _builder_version=&#8221;4.25.1&#8243; _module_preset=&#8221;default&#8221; global_colors_info=&#8221;{}&#8221;][et_pb_column type=&#8221;4_4&#8243; _builder_version=&#8221;4.25.1&#8243; _module_preset=&#8221;default&#8221; global_colors_info=&#8221;{}&#8221;][et_pb_heading title=&#8221;Chiese e archeologia&#8221; _builder_version=&#8221;4.25.1&#8243; _module_preset=&#8221;default&#8221; global_colors_info=&#8221;{}&#8221;][\/et_pb_heading][\/et_pb_column][\/et_pb_row][\/et_pb_section][et_pb_section fb_built=&#8221;1&#8243; _builder_version=&#8221;4.25.1&#8243; _module_preset=&#8221;default&#8221; background_color=&#8221;#0cf7ef&#8221; global_colors_info=&#8221;{}&#8221;][et_pb_row column_structure=&#8221;1_4,1_4,1_4,1_4&#8243; _builder_version=&#8221;4.25.1&#8243; _module_preset=&#8221;default&#8221; min_height=&#8221;200.8px&#8221; global_colors_info=&#8221;{}&#8221;][et_pb_column type=&#8221;1_4&#8243; _builder_version=&#8221;4.25.1&#8243; _module_preset=&#8221;default&#8221; global_colors_info=&#8221;{}&#8221;][et_pb_video src=&#8221;https:\/\/www.youtube.com\/watch?v=anKaJVKPZLg&#038;t=65s&#8221; _builder_version=&#8221;4.25.2&#8243; _module_preset=&#8221;default&#8221; hover_enabled=&#8221;0&#8243; global_colors_info=&#8221;{}&#8221; sticky_enabled=&#8221;0&#8243;][\/et_pb_video][\/et_pb_column][et_pb_column type=&#8221;1_4&#8243; _builder_version=&#8221;4.25.1&#8243; _module_preset=&#8221;default&#8221; global_colors_info=&#8221;{}&#8221;][et_pb_video src=&#8221;https:\/\/youtu.be\/AJliaT5-xzg&#8221; _builder_version=&#8221;4.25.1&#8243; _module_preset=&#8221;default&#8221; global_colors_info=&#8221;{}&#8221;][\/et_pb_video][\/et_pb_column][et_pb_column type=&#8221;1_4&#8243; _builder_version=&#8221;4.25.1&#8243; _module_preset=&#8221;default&#8221; global_colors_info=&#8221;{}&#8221;][et_pb_video src=&#8221;https:\/\/youtu.be\/CVhYHRZU3Ag&#8221; _builder_version=&#8221;4.25.1&#8243; _module_preset=&#8221;default&#8221; global_colors_info=&#8221;{}&#8221;][\/et_pb_video][\/et_pb_column][et_pb_column type=&#8221;1_4&#8243; _builder_version=&#8221;4.25.1&#8243; _module_preset=&#8221;default&#8221; global_colors_info=&#8221;{}&#8221;][et_pb_video src=&#8221;https:\/\/youtu.be\/1hjKFk1FNKY&#8221; _builder_version=&#8221;4.25.1&#8243; _module_preset=&#8221;default&#8221; global_colors_info=&#8221;{}&#8221;][\/et_pb_video][\/et_pb_column][\/et_pb_row][\/et_pb_section][et_pb_section fb_built=&#8221;1&#8243; _builder_version=&#8221;4.25.1&#8243; _module_preset=&#8221;default&#8221; background_color=&#8221;#099fef&#8221; global_colors_info=&#8221;{}&#8221;][et_pb_row _builder_version=&#8221;4.25.1&#8243; _module_preset=&#8221;default&#8221; global_colors_info=&#8221;{}&#8221;][et_pb_column type=&#8221;4_4&#8243; _builder_version=&#8221;4.25.1&#8243; _module_preset=&#8221;default&#8221; global_colors_info=&#8221;{}&#8221;][et_pb_heading title=&#8221;Dal grano al pane &#8221; _builder_version=&#8221;4.25.1&#8243; _module_preset=&#8221;default&#8221; global_colors_info=&#8221;{}&#8221;][\/et_pb_heading][\/et_pb_column][\/et_pb_row][\/et_pb_section][et_pb_section fb_built=&#8221;1&#8243; _builder_version=&#8221;4.25.1&#8243; _module_preset=&#8221;default&#8221; background_color=&#8221;#0cf7ef&#8221; custom_padding=&#8221;4px|||||&#8221; global_colors_info=&#8221;{}&#8221;][et_pb_row column_structure=&#8221;1_4,1_4,1_4,1_4&#8243; _builder_version=&#8221;4.25.1&#8243; _module_preset=&#8221;default&#8221; global_colors_info=&#8221;{}&#8221;][et_pb_column type=&#8221;1_4&#8243; _builder_version=&#8221;4.25.1&#8243; _module_preset=&#8221;default&#8221; global_colors_info=&#8221;{}&#8221;][et_pb_video src=&#8221;https:\/\/youtu.be\/7Nd2l5pj9ms&#8221; _builder_version=&#8221;4.25.1&#8243; _module_preset=&#8221;default&#8221; global_colors_info=&#8221;{}&#8221;][\/et_pb_video][\/et_pb_column][et_pb_column type=&#8221;1_4&#8243; _builder_version=&#8221;4.25.1&#8243; _module_preset=&#8221;default&#8221; global_colors_info=&#8221;{}&#8221;][et_pb_video src=&#8221;https:\/\/youtu.be\/OBOzTZ-0VuE&#8221; _builder_version=&#8221;4.25.1&#8243; _module_preset=&#8221;default&#8221; global_colors_info=&#8221;{}&#8221;][\/et_pb_video][\/et_pb_column][et_pb_column type=&#8221;1_4&#8243; _builder_version=&#8221;4.25.1&#8243; _module_preset=&#8221;default&#8221; global_colors_info=&#8221;{}&#8221;][et_pb_video src=&#8221;https:\/\/youtu.be\/WGAmxNobOBI&#8221; _builder_version=&#8221;4.25.1&#8243; _module_preset=&#8221;default&#8221; global_colors_info=&#8221;{}&#8221;][\/et_pb_video][\/et_pb_column][et_pb_column type=&#8221;1_4&#8243; _builder_version=&#8221;4.25.1&#8243; _module_preset=&#8221;default&#8221; global_colors_info=&#8221;{}&#8221;][et_pb_video src=&#8221;https:\/\/youtu.be\/ycLMVktriEY&#8221; _builder_version=&#8221;4.25.1&#8243; _module_preset=&#8221;default&#8221; global_colors_info=&#8221;{}&#8221;][\/et_pb_video][\/et_pb_column][\/et_pb_row][\/et_pb_section][et_pb_section fb_built=&#8221;1&#8243; _builder_version=&#8221;4.25.1&#8243; _module_preset=&#8221;default&#8221; background_color=&#8221;#099fef&#8221; global_colors_info=&#8221;{}&#8221;][et_pb_row _builder_version=&#8221;4.25.1&#8243; _module_preset=&#8221;default&#8221; global_colors_info=&#8221;{}&#8221;][et_pb_column type=&#8221;4_4&#8243; _builder_version=&#8221;4.25.1&#8243; _module_preset=&#8221;default&#8221; global_colors_info=&#8221;{}&#8221;][et_pb_heading title=&#8221;Eventi e musei&#8221; _builder_version=&#8221;4.25.1&#8243; _module_preset=&#8221;default&#8221; global_colors_info=&#8221;{}&#8221;][\/et_pb_heading][\/et_pb_column][\/et_pb_row][\/et_pb_section][et_pb_section fb_built=&#8221;1&#8243; _builder_version=&#8221;4.25.1&#8243; _module_preset=&#8221;default&#8221; background_color=&#8221;#0cf7ef&#8221; global_colors_info=&#8221;{}&#8221;][et_pb_row column_structure=&#8221;1_3,1_3,1_3&#8243; _builder_version=&#8221;4.25.1&#8243; _module_preset=&#8221;default&#8221; global_colors_info=&#8221;{}&#8221;][et_pb_column type=&#8221;1_3&#8243; _builder_version=&#8221;4.25.1&#8243; _module_preset=&#8221;default&#8221; global_colors_info=&#8221;{}&#8221;][et_pb_video src=&#8221;https:\/\/youtu.be\/txdoI3YDoKk&#8221; _builder_version=&#8221;4.25.1&#8243; _module_preset=&#8221;default&#8221; global_colors_info=&#8221;{}&#8221;][\/et_pb_video][\/et_pb_column][et_pb_column type=&#8221;1_3&#8243; _builder_version=&#8221;4.25.1&#8243; _module_preset=&#8221;default&#8221; global_colors_info=&#8221;{}&#8221;][et_pb_video src=&#8221;https:\/\/youtu.be\/poqEVuOJuio&#8221; _builder_version=&#8221;4.25.1&#8243; _module_preset=&#8221;default&#8221; global_colors_info=&#8221;{}&#8221;][\/et_pb_video][\/et_pb_column][et_pb_column type=&#8221;1_3&#8243; _builder_version=&#8221;4.25.1&#8243; _module_preset=&#8221;default&#8221; global_colors_info=&#8221;{}&#8221;][et_pb_video src=&#8221;https:\/\/youtu.be\/4XOqLeetDxg&#8221; _builder_version=&#8221;4.25.1&#8243; _module_preset=&#8221;default&#8221; global_colors_info=&#8221;{}&#8221;][\/et_pb_video][\/et_pb_column][\/et_pb_row][\/et_pb_section][et_pb_section fb_built=&#8221;1&#8243; _builder_version=&#8221;4.25.1&#8243; _module_preset=&#8221;default&#8221; background_color=&#8221;#099fef&#8221; global_colors_info=&#8221;{}&#8221;][et_pb_row _builder_version=&#8221;4.25.1&#8243; _module_preset=&#8221;default&#8221; global_colors_info=&#8221;{}&#8221;][et_pb_column type=&#8221;4_4&#8243; _builder_version=&#8221;4.25.1&#8243; _module_preset=&#8221;default&#8221; global_colors_info=&#8221;{}&#8221;][et_pb_heading title=&#8221;Tutti i gruppi folk in piazza&#8221; _builder_version=&#8221;4.25.1&#8243; _module_preset=&#8221;default&#8221; global_colors_info=&#8221;{}&#8221;][\/et_pb_heading][\/et_pb_column][\/et_pb_row][\/et_pb_section][et_pb_section fb_built=&#8221;1&#8243; _builder_version=&#8221;4.25.1&#8243; _module_preset=&#8221;default&#8221; background_color=&#8221;#0cf7ef&#8221; global_colors_info=&#8221;{}&#8221;][et_pb_row _builder_version=&#8221;4.25.1&#8243; _module_preset=&#8221;default&#8221; global_colors_info=&#8221;{}&#8221;][et_pb_column type=&#8221;4_4&#8243; _builder_version=&#8221;4.25.1&#8243; _module_preset=&#8221;default&#8221; global_colors_info=&#8221;{}&#8221;][et_pb_video src=&#8221;https:\/\/youtu.be\/FgnoeO2MSh8&#8243; _builder_version=&#8221;4.25.1&#8243; _module_preset=&#8221;default&#8221; min_height=&#8221;550px&#8221; custom_padding=&#8221;|8px||||&#8221; global_colors_info=&#8221;{}&#8221;][\/et_pb_video][\/et_pb_column][\/et_pb_row][et_pb_row column_structure=&#8221;1_5,1_5,1_5,1_5,1_5&#8243; _builder_version=&#8221;4.25.1&#8243; _module_preset=&#8221;default&#8221; global_colors_info=&#8221;{}&#8221;][et_pb_column type=&#8221;1_5&#8243; _builder_version=&#8221;4.25.1&#8243; _module_preset=&#8221;default&#8221; global_colors_info=&#8221;{}&#8221;][et_pb_video src=&#8221;https:\/\/youtu.be\/2qwT_5Am8Ko&#8221; _builder_version=&#8221;4.25.1&#8243; _module_preset=&#8221;default&#8221; global_colors_info=&#8221;{}&#8221;][\/et_pb_video][\/et_pb_column][et_pb_column type=&#8221;1_5&#8243; _builder_version=&#8221;4.25.1&#8243; _module_preset=&#8221;default&#8221; global_colors_info=&#8221;{}&#8221;][et_pb_video src=&#8221;https:\/\/youtu.be\/OpN6wotn9iM&#8221; _builder_version=&#8221;4.25.1&#8243; _module_preset=&#8221;default&#8221; global_colors_info=&#8221;{}&#8221;][\/et_pb_video][\/et_pb_column][et_pb_column type=&#8221;1_5&#8243; _builder_version=&#8221;4.25.1&#8243; _module_preset=&#8221;default&#8221; global_colors_info=&#8221;{}&#8221;][et_pb_video src=&#8221;https:\/\/youtu.be\/qSdjv3xbqBo&#8221; _builder_version=&#8221;4.25.1&#8243; _module_preset=&#8221;default&#8221; global_colors_info=&#8221;{}&#8221;][\/et_pb_video][\/et_pb_column][et_pb_column type=&#8221;1_5&#8243; _builder_version=&#8221;4.25.1&#8243; _module_preset=&#8221;default&#8221; global_colors_info=&#8221;{}&#8221;][et_pb_video src=&#8221;https:\/\/youtu.be\/3-m6ySBk5Eo&#8221; _builder_version=&#8221;4.25.1&#8243; _module_preset=&#8221;default&#8221; global_colors_info=&#8221;{}&#8221;][\/et_pb_video][\/et_pb_column][et_pb_column type=&#8221;1_5&#8243; _builder_version=&#8221;4.25.1&#8243; _module_preset=&#8221;default&#8221; global_colors_info=&#8221;{}&#8221;][et_pb_video src=&#8221;https:\/\/youtu.be\/E9wgdilBWVM&#8221; _builder_version=&#8221;4.25.1&#8243; _module_preset=&#8221;default&#8221; global_colors_info=&#8221;{}&#8221;][\/et_pb_video][\/et_pb_column][\/et_pb_row][\/et_pb_section][et_pb_section fb_built=&#8221;1&#8243; _builder_version=&#8221;4.25.1&#8243; _module_preset=&#8221;default&#8221; background_color=&#8221;#099fef&#8221; global_colors_info=&#8221;{}&#8221;][et_pb_row _builder_version=&#8221;4.25.1&#8243; _module_preset=&#8221;default&#8221; global_colors_info=&#8221;{}&#8221;][et_pb_column type=&#8221;4_4&#8243; _builder_version=&#8221;4.25.1&#8243; _module_preset=&#8221;default&#8221; global_colors_info=&#8221;{}&#8221;][et_pb_heading title=&#8221;Video di aziende che con il loro importante contributo ci hanno permesso di realizzare questa pagina&#8221; _builder_version=&#8221;4.25.1&#8243; _module_preset=&#8221;default&#8221; global_colors_info=&#8221;{}&#8221;][\/et_pb_heading][\/et_pb_column][\/et_pb_row][\/et_pb_section][et_pb_section fb_built=&#8221;1&#8243; _builder_version=&#8221;4.25.1&#8243; _module_preset=&#8221;default&#8221; background_color=&#8221;#0cf7ef&#8221; global_colors_info=&#8221;{}&#8221;][et_pb_row column_structure=&#8221;1_4,1_4,1_4,1_4&#8243; _builder_version=&#8221;4.25.1&#8243; _module_preset=&#8221;default&#8221; global_colors_info=&#8221;{}&#8221;][et_pb_column type=&#8221;1_4&#8243; _builder_version=&#8221;4.25.1&#8243; _module_preset=&#8221;default&#8221; global_colors_info=&#8221;{}&#8221;][et_pb_video src=&#8221;https:\/\/youtu.be\/JwRPQ63vRNY&#8221; _builder_version=&#8221;4.25.1&#8243; _module_preset=&#8221;default&#8221; global_colors_info=&#8221;{}&#8221;][\/et_pb_video][\/et_pb_column][et_pb_column type=&#8221;1_4&#8243; _builder_version=&#8221;4.25.1&#8243; _module_preset=&#8221;default&#8221; global_colors_info=&#8221;{}&#8221;][et_pb_video src=&#8221;https:\/\/youtu.be\/BwuTNozEmwA&#8221; _builder_version=&#8221;4.25.1&#8243; _module_preset=&#8221;default&#8221; global_colors_info=&#8221;{}&#8221;][\/et_pb_video][\/et_pb_column][et_pb_column type=&#8221;1_4&#8243; _builder_version=&#8221;4.25.1&#8243; _module_preset=&#8221;default&#8221; global_colors_info=&#8221;{}&#8221;][et_pb_video src=&#8221;https:\/\/youtu.be\/C&#8211;mAWChOr0&#8243; _builder_version=&#8221;4.25.1&#8243; _module_preset=&#8221;default&#8221; global_colors_info=&#8221;{}&#8221;][\/et_pb_video][\/et_pb_column][et_pb_column type=&#8221;1_4&#8243; _builder_version=&#8221;4.25.1&#8243; _module_preset=&#8221;default&#8221; global_colors_info=&#8221;{}&#8221;][et_pb_video src=&#8221;https:\/\/youtu.be\/Mn7dwqRE4Qo&#8221; _builder_version=&#8221;4.25.1&#8243; _module_preset=&#8221;default&#8221; global_colors_info=&#8221;{}&#8221;][\/et_pb_video][\/et_pb_column][\/et_pb_row][\/et_pb_section][et_pb_section fb_built=&#8221;1&#8243; admin_label=&#8221;Stats&#8221; _builder_version=&#8221;4.25.1&#8243; _module_preset=&#8221;default&#8221; use_background_color_gradient=&#8221;on&#8221; background_color_gradient_stops=&#8221;rgba(34,34,34,0.3) 0%|gcid-1f9b0bb3-481a-49f1-9fe6-999fc3c3182b 100%&#8221; background_color_gradient_overlays_image=&#8221;on&#8221; background_image=&#8221;https:\/\/ajoabidda.it\/wp-content\/uploads\/2024\/05\/SETTIMO-dal-drone.jpg&#8221; background_blend=&#8221;color-dodge&#8221; width=&#8221;100%&#8221; max_width=&#8221;100%&#8221; min_height=&#8221;357px&#8221; height=&#8221;438px&#8221; max_height=&#8221;434px&#8221; custom_padding=&#8221;16vw|||228px|false|false&#8221; saved_tabs=&#8221;all&#8221; collapsed=&#8221;on&#8221; global_colors_info=&#8221;{%22gcid-1f9b0bb3-481a-49f1-9fe6-999fc3c3182b%22:%91%22background_color_gradient_stops%22%93}&#8221;][\/et_pb_section][et_pb_section fb_built=&#8221;1&#8243; admin_label=&#8221;Footer&#8221; _builder_version=&#8221;4.20.0&#8243; _module_preset=&#8221;default&#8221; background_color=&#8221;gcid-922f8e05-0af6-48a7-8ba4-9a77f0c7dbee&#8221; min_height=&#8221;746.3px&#8221; saved_tabs=&#8221;all&#8221; collapsed=&#8221;on&#8221; global_colors_info=&#8221;{%22gcid-922f8e05-0af6-48a7-8ba4-9a77f0c7dbee%22:%91%22background_color%22%93}&#8221;][et_pb_row column_structure=&#8221;1_3,1_3,1_3&#8243; _builder_version=&#8221;4.20.0&#8243; _module_preset=&#8221;default&#8221; global_colors_info=&#8221;{}&#8221;][et_pb_column type=&#8221;1_3&#8243; _builder_version=&#8221;4.20.0&#8243; _module_preset=&#8221;default&#8221; global_colors_info=&#8221;{}&#8221;][et_pb_text _builder_version=&#8221;4.25.1&#8243; _module_preset=&#8221;97119d58-abbe-4b24-9b4b-8b0b23362a8e&#8221; text_text_color=&#8221;#000000&#8243; header_2_text_color=&#8221;#FFFFFF&#8221; global_colors_info=&#8221;{}&#8221;]<\/p>\n<h2>Settimo San Pietro<\/h2>\n<p><strong>Municipio: Piazza Sandro Pertini, 1 &#8211; 09060 Settimo San Pietro (CA)<\/strong><\/p>\n<p>[\/et_pb_text][et_pb_text _builder_version=&#8221;4.25.1&#8243; _module_preset=&#8221;bb535064-7e96-4728-90df-6e6b30c59333&#8243; text_text_color=&#8221;#FFFFFF&#8221; custom_margin=&#8221;||10px||false|false&#8221; global_colors_info=&#8221;{}&#8221;]<\/p>\n<p><strong>Telefono:\u00a0<a href=\"tel:+3907076911\" title=\"Chiama\" class=\"focus--mouse\" data-focus-mouse=\"true\">+39 070 76911<\/a><\/strong><\/p>\n<p>[\/et_pb_text][et_pb_text _builder_version=&#8221;4.25.1&#8243; _module_preset=&#8221;bb535064-7e96-4728-90df-6e6b30c59333&#8243; text_text_color=&#8221;#FFFFFF&#8221; custom_margin=&#8221;||10px||false|false&#8221; global_colors_info=&#8221;{}&#8221;]<\/p>\n<p><span>Fax:\u00a0<\/span><a href=\"tel:+39 070 765687\" title=\"Invia un Fax\">+39 070 765687<\/a><\/p>\n<p>[\/et_pb_text][\/et_pb_column][et_pb_column type=&#8221;1_3&#8243; _builder_version=&#8221;4.20.0&#8243; _module_preset=&#8221;default&#8221; global_colors_info=&#8221;{}&#8221;][\/et_pb_column][et_pb_column type=&#8221;1_3&#8243; _builder_version=&#8221;4.20.0&#8243; _module_preset=&#8221;default&#8221; global_colors_info=&#8221;{}&#8221;][et_pb_social_media_follow _builder_version=&#8221;4.20.0&#8243; _module_preset=&#8221;default&#8221; custom_margin=&#8221;30px||||false|false&#8221; global_colors_info=&#8221;{}&#8221;][et_pb_social_media_follow_network social_network=&#8221;facebook&#8221; _builder_version=&#8221;4.20.0&#8243; _module_preset=&#8221;default&#8221; global_colors_info=&#8221;{}&#8221; follow_button=&#8221;off&#8221; url_new_window=&#8221;on&#8221;]facebook[\/et_pb_social_media_follow_network][et_pb_social_media_follow_network social_network=&#8221;twitter&#8221; _builder_version=&#8221;4.20.0&#8243; _module_preset=&#8221;default&#8221; background_color=&#8221;RGBA(255,255,255,0)&#8221; background_enable_color=&#8221;on&#8221; global_colors_info=&#8221;{}&#8221; follow_button=&#8221;off&#8221; url_new_window=&#8221;on&#8221;]twitter[\/et_pb_social_media_follow_network][et_pb_social_media_follow_network social_network=&#8221;instagram&#8221; _builder_version=&#8221;4.20.0&#8243; _module_preset=&#8221;default&#8221; background_color=&#8221;RGBA(255,255,255,0)&#8221; background_enable_color=&#8221;on&#8221; global_colors_info=&#8221;{}&#8221; follow_button=&#8221;off&#8221; url_new_window=&#8221;on&#8221;]instagram[\/et_pb_social_media_follow_network][et_pb_social_media_follow_network social_network=&#8221;linkedin&#8221; _builder_version=&#8221;4.20.0&#8243; _module_preset=&#8221;default&#8221; global_colors_info=&#8221;{}&#8221; follow_button=&#8221;off&#8221; url_new_window=&#8221;on&#8221;]linkedin[\/et_pb_social_media_follow_network][\/et_pb_social_media_follow][\/et_pb_column][\/et_pb_row][\/et_pb_section]<\/p>\n","protected":false},"excerpt":{"rendered":"<p>settimo san pietroA due passi da Cagliari&#8230; una cittadina da scoprireUn video di un minuto per riasumere le bellezze di Settimo.Presentazione del SindacoSettimo San Pietro \u00e8 una cittadina con quasi 6.800 abitanti situata alle porte di Cagliari, appartenente amministrativamente alla citt\u00e0 metropolitana di Cagliari e all&#8217;Unione dei Comuni del Parteolla e del Basso Campidano. Le [&hellip;]<\/p>\n","protected":false},"author":1,"featured_media":0,"parent":0,"menu_order":0,"comment_status":"closed","ping_status":"closed","template":"","meta":{"_et_pb_use_builder":"on","_et_pb_old_content":"","_et_gb_content_width":"","footnotes":""},"class_list":["post-250","page","type-page","status-publish","hentry"],"_links":{"self":[{"href":"https:\/\/ajoabidda.it\/index.php?rest_route=\/wp\/v2\/pages\/250","targetHints":{"allow":["GET"]}}],"collection":[{"href":"https:\/\/ajoabidda.it\/index.php?rest_route=\/wp\/v2\/pages"}],"about":[{"href":"https:\/\/ajoabidda.it\/index.php?rest_route=\/wp\/v2\/types\/page"}],"author":[{"embeddable":true,"href":"https:\/\/ajoabidda.it\/index.php?rest_route=\/wp\/v2\/users\/1"}],"replies":[{"embeddable":true,"href":"https:\/\/ajoabidda.it\/index.php?rest_route=%2Fwp%2Fv2%2Fcomments&post=250"}],"version-history":[{"count":28,"href":"https:\/\/ajoabidda.it\/index.php?rest_route=\/wp\/v2\/pages\/250\/revisions"}],"predecessor-version":[{"id":527,"href":"https:\/\/ajoabidda.it\/index.php?rest_route=\/wp\/v2\/pages\/250\/revisions\/527"}],"wp:attachment":[{"href":"https:\/\/ajoabidda.it\/index.php?rest_route=%2Fwp%2Fv2%2Fmedia&parent=250"}],"curies":[{"name":"wp","href":"https:\/\/api.w.org\/{rel}","templated":true}]}}